{"id":1508,"date":"2016-01-20T08:59:43","date_gmt":"2016-01-20T08:59:43","guid":{"rendered":"http:\/\/anpsthemes.com\/construction\/?page_id=1508"},"modified":"2023-05-17T12:15:42","modified_gmt":"2023-05-17T12:15:42","slug":"vitrinas-expositoras","status":"publish","type":"page","link":"https:\/\/realrefrigeracion.com\/en\/vitrinas-expositoras\/","title":{"rendered":"DISPLAY CABINETS"},"content":{"rendered":"<div data-elementor-type=\"wp-page\" data-elementor-id=\"1508\" class=\"elementor elementor-1508\">\n\t\t\t\t\t\t\t\t\t<section class=\"elementor-section elementor-top-section elementor-element elementor-element-b8a564e elementor-section-boxed elementor-section-height-default elementor-section-height-default wpr-particle-no wpr-jarallax-no wpr-parallax-no wpr-sticky-section-no\" data-id=\"b8a564e\" data-element_type=\"section\">\n\t\t\t\t\t\t<div class=\"elementor-container elementor-column-gap-default\">\n\t\t\t\t\t<div class=\"elementor-column elementor-col-100 elementor-top-column elementor-element elementor-element-1fa0ab9\" data-id=\"1fa0ab9\" data-element_type=\"column\">\n\t\t\t<div class=\"elementor-widget-wrap elementor-element-populated\">\n\t\t\t\t\t\t\t\t<section class=\"elementor-section elementor-inner-section elementor-element elementor-element-5018a1e elementor-section-boxed elementor-section-height-default elementor-section-height-default wpr-particle-no wpr-jarallax-no wpr-parallax-no wpr-sticky-section-no\" data-id=\"5018a1e\" data-element_type=\"section\">\n\t\t\t\t\t\t<div class=\"elementor-container elementor-column-gap-default\">\n\t\t\t\t\t<div class=\"elementor-column elementor-col-50 elementor-inner-column elementor-element elementor-element-52d3ae3\" data-id=\"52d3ae3\" data-element_type=\"column\">\n\t\t\t<div class=\"elementor-widget-wrap elementor-element-populated\">\n\t\t\t\t\t\t\t\t<div class=\"elementor-element elementor-element-404dec8 elementor-widget__width-auto elementor-widget elementor-widget-image\" data-id=\"404dec8\" data-element_type=\"widget\" data-widget_type=\"image.default\">\n\t\t\t\t<div class=\"elementor-widget-container\">\n\t\t\t<style>\/*! elementor - v3.15.0 - 09-08-2023 *\/\n.elementor-widget-image{text-align:center}.elementor-widget-image a{display:inline-block}.elementor-widget-image a img[src$=\".svg\"]{width:48px}.elementor-widget-image img{vertical-align:middle;display:inline-block}<\/style>\t\t\t\t\t\t\t\t\t\t\t\t<img loading=\"lazy\" decoding=\"async\" width=\"722\" height=\"368\" src=\"https:\/\/realrefrigeracion.com\/wp-content\/uploads\/2023\/04\/vitrinas-thumb.jpg\" class=\"attachment-large size-large wp-image-3758\" alt=\"Somos fabricantes de vitrinas expositoras\" srcset=\"https:\/\/realrefrigeracion.com\/wp-content\/uploads\/2023\/04\/vitrinas-thumb.jpg 722w, https:\/\/realrefrigeracion.com\/wp-content\/uploads\/2023\/04\/vitrinas-thumb-300x153.jpg 300w, https:\/\/realrefrigeracion.com\/wp-content\/uploads\/2023\/04\/vitrinas-thumb-18x9.jpg 18w\" sizes=\"auto, (max-width: 722px) 100vw, 722px\" \/>\t\t\t\t\t\t\t\t\t\t\t\t\t\t\t<\/div>\n\t\t\t\t<\/div>\n\t\t\t\t<div class=\"elementor-element elementor-element-e359afe elementor-widget elementor-widget-text-editor\" data-id=\"e359afe\" data-element_type=\"widget\" data-widget_type=\"text-editor.default\">\n\t\t\t\t<div class=\"elementor-widget-container\">\n\t\t\t<style>\/*! elementor - v3.15.0 - 09-08-2023 *\/\n.elementor-widget-text-editor.elementor-drop-cap-view-stacked .elementor-drop-cap{background-color:#69727d;color:#fff}.elementor-widget-text-editor.elementor-drop-cap-view-framed .elementor-drop-cap{color:#69727d;border:3px solid;background-color:transparent}.elementor-widget-text-editor:not(.elementor-drop-cap-view-default) .elementor-drop-cap{margin-top:8px}.elementor-widget-text-editor:not(.elementor-drop-cap-view-default) .elementor-drop-cap-letter{width:1em;height:1em}.elementor-widget-text-editor .elementor-drop-cap{float:left;text-align:center;line-height:1;font-size:50px}.elementor-widget-text-editor .elementor-drop-cap-letter{display:inline-block}<\/style>\t\t\t\t<h2 class=\"vc_custom_heading title\">WHAT DO WE NEED?<\/h2>\t\t\t\t\t\t<\/div>\n\t\t\t\t<\/div>\n\t\t\t\t<div class=\"elementor-element elementor-element-ad7b941 elementor-widget elementor-widget-toggle\" data-id=\"ad7b941\" data-element_type=\"widget\" data-widget_type=\"toggle.default\">\n\t\t\t\t<div class=\"elementor-widget-container\">\n\t\t\t<style>\/*! elementor - v3.15.0 - 09-08-2023 *\/\n.elementor-toggle{text-align:left}.elementor-toggle .elementor-tab-title{font-weight:700;line-height:1;margin:0;padding:15px;border-bottom:1px solid #d5d8dc;cursor:pointer;outline:none}.elementor-toggle .elementor-tab-title .elementor-toggle-icon{display:inline-block;width:1em}.elementor-toggle .elementor-tab-title .elementor-toggle-icon svg{-webkit-margin-start:-5px;margin-inline-start:-5px;width:1em;height:1em}.elementor-toggle .elementor-tab-title .elementor-toggle-icon.elementor-toggle-icon-right{float:right;text-align:right}.elementor-toggle .elementor-tab-title .elementor-toggle-icon.elementor-toggle-icon-left{float:left;text-align:left}.elementor-toggle .elementor-tab-title .elementor-toggle-icon .elementor-toggle-icon-closed{display:block}.elementor-toggle .elementor-tab-title .elementor-toggle-icon .elementor-toggle-icon-opened{display:none}.elementor-toggle .elementor-tab-title.elementor-active{border-bottom:none}.elementor-toggle .elementor-tab-title.elementor-active .elementor-toggle-icon-closed{display:none}.elementor-toggle .elementor-tab-title.elementor-active .elementor-toggle-icon-opened{display:block}.elementor-toggle .elementor-tab-content{padding:15px;border-bottom:1px solid #d5d8dc;display:none}@media (max-width:767px){.elementor-toggle .elementor-tab-title{padding:12px}.elementor-toggle .elementor-tab-content{padding:12px 10px}}.e-con-inner>.elementor-widget-toggle,.e-con>.elementor-widget-toggle{width:var(--container-widget-width);--flex-grow:var(--container-widget-flex-grow)}<\/style>\t\t<div class=\"elementor-toggle\">\n\t\t\t\t\t\t\t<div class=\"elementor-toggle-item\">\n\t\t\t\t\t<div id=\"elementor-tab-title-1811\" class=\"elementor-tab-title\" data-tab=\"1\" role=\"button\" aria-controls=\"elementor-tab-content-1811\" aria-expanded=\"false\">\n\t\t\t\t\t\t\t\t\t\t\t\t<span class=\"elementor-toggle-icon elementor-toggle-icon-left\" aria-hidden=\"true\">\n\t\t\t\t\t\t\t\t\t\t\t\t\t\t\t<span class=\"elementor-toggle-icon-closed\"><i class=\"fas fa-plus\"><\/i><\/span>\n\t\t\t\t\t\t\t\t<span class=\"elementor-toggle-icon-opened\"><i class=\"elementor-toggle-icon-opened fas fa-minus\"><\/i><\/span>\n\t\t\t\t\t\t\t\t\t\t\t\t\t<\/span>\n\t\t\t\t\t\t\t\t\t\t\t\t<a class=\"elementor-toggle-title\" tabindex=\"0\">Trade Information<\/a>\n\t\t\t\t\t<\/div>\n\n\t\t\t\t\t<div id=\"elementor-tab-content-1811\" class=\"elementor-tab-content elementor-clearfix\" data-tab=\"1\" role=\"region\" aria-labelledby=\"elementor-tab-title-1811\"><p>In order to know what type of materials and showcase is the most optimal for the type of product with which it is marketed.<\/p><\/div>\n\t\t\t\t<\/div>\n\t\t\t\t\t\t\t<div class=\"elementor-toggle-item\">\n\t\t\t\t\t<div id=\"elementor-tab-title-1812\" class=\"elementor-tab-title\" data-tab=\"2\" role=\"button\" aria-controls=\"elementor-tab-content-1812\" aria-expanded=\"false\">\n\t\t\t\t\t\t\t\t\t\t\t\t<span class=\"elementor-toggle-icon elementor-toggle-icon-left\" aria-hidden=\"true\">\n\t\t\t\t\t\t\t\t\t\t\t\t\t\t\t<span class=\"elementor-toggle-icon-closed\"><i class=\"fas fa-plus\"><\/i><\/span>\n\t\t\t\t\t\t\t\t<span class=\"elementor-toggle-icon-opened\"><i class=\"elementor-toggle-icon-opened fas fa-minus\"><\/i><\/span>\n\t\t\t\t\t\t\t\t\t\t\t\t\t<\/span>\n\t\t\t\t\t\t\t\t\t\t\t\t<a class=\"elementor-toggle-title\" tabindex=\"0\">Measures<\/a>\n\t\t\t\t\t<\/div>\n\n\t\t\t\t\t<div id=\"elementor-tab-content-1812\" class=\"elementor-tab-content elementor-clearfix\" data-tab=\"2\" role=\"region\" aria-labelledby=\"elementor-tab-title-1812\"><p>We will need to take the measurements and see the exact location so that once everything is finished it fits perfectly.<\/p><\/div>\n\t\t\t\t<\/div>\n\t\t\t\t\t\t\t<div class=\"elementor-toggle-item\">\n\t\t\t\t\t<div id=\"elementor-tab-title-1813\" class=\"elementor-tab-title\" data-tab=\"3\" role=\"button\" aria-controls=\"elementor-tab-content-1813\" aria-expanded=\"false\">\n\t\t\t\t\t\t\t\t\t\t\t\t<span class=\"elementor-toggle-icon elementor-toggle-icon-left\" aria-hidden=\"true\">\n\t\t\t\t\t\t\t\t\t\t\t\t\t\t\t<span class=\"elementor-toggle-icon-closed\"><i class=\"fas fa-plus\"><\/i><\/span>\n\t\t\t\t\t\t\t\t<span class=\"elementor-toggle-icon-opened\"><i class=\"elementor-toggle-icon-opened fas fa-minus\"><\/i><\/span>\n\t\t\t\t\t\t\t\t\t\t\t\t\t<\/span>\n\t\t\t\t\t\t\t\t\t\t\t\t<a class=\"elementor-toggle-title\" tabindex=\"0\">3D design<\/a>\n\t\t\t\t\t<\/div>\n\n\t\t\t\t\t<div id=\"elementor-tab-content-1813\" class=\"elementor-tab-content elementor-clearfix\" data-tab=\"3\" role=\"region\" aria-labelledby=\"elementor-tab-title-1813\"><p>We will make a 3D Design of how the showcase would look when finished and assembled in your premises for you to give us the go-ahead.<\/p><\/div>\n\t\t\t\t<\/div>\n\t\t\t\t\t\t\t<div class=\"elementor-toggle-item\">\n\t\t\t\t\t<div id=\"elementor-tab-title-1814\" class=\"elementor-tab-title\" data-tab=\"4\" role=\"button\" aria-controls=\"elementor-tab-content-1814\" aria-expanded=\"false\">\n\t\t\t\t\t\t\t\t\t\t\t\t<span class=\"elementor-toggle-icon elementor-toggle-icon-left\" aria-hidden=\"true\">\n\t\t\t\t\t\t\t\t\t\t\t\t\t\t\t<span class=\"elementor-toggle-icon-closed\"><i class=\"fas fa-plus\"><\/i><\/span>\n\t\t\t\t\t\t\t\t<span class=\"elementor-toggle-icon-opened\"><i class=\"elementor-toggle-icon-opened fas fa-minus\"><\/i><\/span>\n\t\t\t\t\t\t\t\t\t\t\t\t\t<\/span>\n\t\t\t\t\t\t\t\t\t\t\t\t<a class=\"elementor-toggle-title\" tabindex=\"0\">Mounting<\/a>\n\t\t\t\t\t<\/div>\n\n\t\t\t\t\t<div id=\"elementor-tab-content-1814\" class=\"elementor-tab-content elementor-clearfix\" data-tab=\"4\" role=\"region\" aria-labelledby=\"elementor-tab-title-1814\"><p>We travel to any part of Spain in order to assemble the showcase ourselves and make sure that everything meets the quality standards that Real Refrigeraci\u00f3n guarantees.<\/p><\/div>\n\t\t\t\t<\/div>\n\t\t\t\t\t\t\t\t<\/div>\n\t\t\t\t<\/div>\n\t\t\t\t<\/div>\n\t\t\t\t\t<\/div>\n\t\t<\/div>\n\t\t\t\t<div class=\"elementor-column elementor-col-50 elementor-inner-column elementor-element elementor-element-a8977dc\" data-id=\"a8977dc\" data-element_type=\"column\">\n\t\t\t<div class=\"elementor-widget-wrap elementor-element-populated\">\n\t\t\t\t\t\t\t\t<div class=\"elementor-element elementor-element-030e200 elementor-widget elementor-widget-text-editor\" data-id=\"030e200\" data-element_type=\"widget\" data-widget_type=\"text-editor.default\">\n\t\t\t\t<div class=\"elementor-widget-container\">\n\t\t\t\t\t\t\t<h2 class=\"vc_custom_heading title\">MANUFACTURING<\/h2><div class=\"wpb_text_column wpb_content_element\"><div class=\"wpb_wrapper\"><p>Our refrigerated display cabinets are designed and manufactured by hand to suit the client. We design, manufacture and assemble showcases, be it for butchers, delicatessens, pastry shops, bakeries, etc. Always from the technological approach that has characterized Real Refrigeration since its inception.<\/p><\/div><\/div>\t\t\t\t\t\t<\/div>\n\t\t\t\t<\/div>\n\t\t\t\t<div class=\"elementor-element elementor-element-340f253 elementor-widget elementor-widget-text-editor\" data-id=\"340f253\" data-element_type=\"widget\" data-widget_type=\"text-editor.default\">\n\t\t\t\t<div class=\"elementor-widget-container\">\n\t\t\t\t\t\t\t<h2 class=\"vc_custom_heading title\">HOW DO WE DO IT?<\/h2><div class=\"wpb_text_column wpb_content_element\"><div class=\"wpb_wrapper\"><p>At Real Refrigeraci\u00f3n we have been making quality custom-made refrigerated display cabinets for more than 20 years. All our clients are satisfied with our effort and work. We remodeled all our pastry, butcher, cheese, etc., showcases, from a more technological approach.<\/p><p>Our refrigerated display cabinets are designed and manufactured by hand to suit the client. We design, manufacture and assemble showcases, be it for butchers, delicatessens, pastry shops, bakeries, pickles, ice cream parlors, etc. Always from the technological approach that has characterized Real Refrigeration since its inception.<\/p><p>Our refrigerated display cases are an essential tool for any business looking to keep their products fresh and attractive to customers. These display cases are specifically designed to display refrigerated food and beverages<\/p><\/div><\/div>\t\t\t\t\t\t<\/div>\n\t\t\t\t<\/div>\n\t\t\t\t\t<\/div>\n\t\t<\/div>\n\t\t\t\t\t\t\t<\/div>\n\t\t<\/section>\n\t\t\t\t\t<\/div>\n\t\t<\/div>\n\t\t\t\t\t\t\t<\/div>\n\t\t<\/section>\n\t\t\t\t\t\t\t<\/div>","protected":false},"excerpt":{"rendered":"<p>\u00bfQU\u00c9 NECESITAMOS? Informaci\u00f3n del Comercio Para as\u00ed saber que tipo de materiales y vitrina es la m\u00e1s \u00f3ptima para el tipo de producto con el que se comercializa. Medidas Necesitaremos tomar las medidas y ver la ubicaci\u00f3n exacta para que luego una vez terminada todo encaje a la perfecci\u00f3n. Dise\u00f1o en 3D Realizaremos un Dise\u00f1o en 3D de como se quedar\u00eda la vitrina ya terminada y montada en su local para que usted nos de el visto bueno. Montaje Nos desplazamos a cualquier lugar de Espa\u00f1a para as\u00ed montar nosotros mismos la vitrina y cerciorarnos de que todo tiene los est\u00e1ndares de calidad que Real Refrigeraci\u00f3n garantiza. FABRICACI\u00d3N Nuestras vitrinas refrigeradas est\u00e1n dise\u00f1adas y fabricadas artesanalmente a medida del cliente. Dise\u00f1amos, fabricamos y montamos vitrinas, sea para carnicer\u00eda, charcuter\u00eda, pasteler\u00eda, panader\u00eda, etc\u00e9tera. Siempre desde\u00a0el enfoque tecnol\u00f3gico que ha caracterizado a Real Refrigeraci\u00f3n desde sus inicios. \u00bfC\u00d3MO LO HACEMOS? En Real Refrigeraci\u00f3n llevamos m\u00e1s de 20 a\u00f1os haciendo\u00a0vitrinas frigor\u00edficas a medida\u00a0de calidad. Todos nuestros clientes est\u00e1n satisfechos de nuestro esfuerzo y trabajo.\u00a0Remodelamos todas nuestras vitrinas de pasteler\u00eda, carnicer\u00eda, quesos, etc, desde un enfoque m\u00e1s tecnol\u00f3gico. Nuestras vitrinas refrigeradas est\u00e1n dise\u00f1adas y fabricadas artesanalmente a medida del cliente. Dise\u00f1amos, fabricamos y montamos vitrinas, sea para carnicer\u00eda, charcuter\u00eda, pasteler\u00eda, panader\u00eda, encurtidos, helader\u00eda, etc\u00e9tera. Siempre desde\u00a0el enfoque tecnol\u00f3gico que ha caracterizado a Real Refrigeraci\u00f3n desde sus inicios. Nuestras\u00a0 vitrinas expositoras refrigeradas son una herramienta esencial para cualquier negocio que busque mantener sus productos frescos y atractivos para los clientes. Estas vitrinas est\u00e1n dise\u00f1adas espec\u00edficamente para exhibir alimentos y bebidas refrigerados<\/p>","protected":false},"author":1,"featured_media":0,"parent":0,"menu_order":0,"comment_status":"closed","ping_status":"closed","template":"","meta":{"neve_meta_sidebar":"","neve_meta_container":"","neve_meta_enable_content_width":"","neve_meta_content_width":0,"neve_meta_title_alignment":"","neve_meta_author_avatar":"","neve_post_elements_order":"","neve_meta_disable_header":"","neve_meta_disable_footer":"","neve_meta_disable_title":"","_themeisle_gutenberg_block_has_review":false,"_ti_tpc_template_sync":false,"_ti_tpc_template_id":"","footnotes":""},"class_list":["post-1508","page","type-page","status-publish","hentry"],"yoast_head":"<!-- This site is optimized with the Yoast SEO plugin v27.4 - https:\/\/yoast.com\/product\/yoast-seo-wordpress\/ -->\n<title>VITRINAS EXPOSITORAS - Real Refrigeraci\u00f3n \u2013 Fabricante de hosteler\u00eda<\/title>\n<meta name=\"robots\" content=\"index, follow, max-snippet:-1, max-image-preview:large, max-video-preview:-1\" \/>\n<link rel=\"canonical\" href=\"https:\/\/realrefrigeracion.com\/en\/vitrinas-expositoras\/\" \/>\n<meta property=\"og:locale\" content=\"en_GB\" \/>\n<meta property=\"og:type\" content=\"article\" \/>\n<meta property=\"og:title\" content=\"VITRINAS EXPOSITORAS - Real Refrigeraci\u00f3n \u2013 Fabricante de hosteler\u00eda\" \/>\n<meta property=\"og:description\" content=\"\u00bfQU\u00c9 NECESITAMOS? Informaci\u00f3n del Comercio Para as\u00ed saber que tipo de materiales y vitrina es la m\u00e1s \u00f3ptima para el tipo de producto con el que se comercializa. Medidas Necesitaremos tomar las medidas y ver la ubicaci\u00f3n exacta para que luego una vez terminada todo encaje a la perfecci\u00f3n. Dise\u00f1o en 3D Realizaremos un Dise\u00f1o en 3D de como se quedar\u00eda la vitrina ya terminada y montada en su local para que usted nos de el visto bueno. Montaje Nos desplazamos a cualquier lugar de Espa\u00f1a para as\u00ed montar nosotros mismos la vitrina y cerciorarnos de que todo tiene los est\u00e1ndares de calidad que Real Refrigeraci\u00f3n garantiza. FABRICACI\u00d3N Nuestras vitrinas refrigeradas est\u00e1n dise\u00f1adas y fabricadas artesanalmente a medida del cliente. Dise\u00f1amos, fabricamos y montamos vitrinas, sea para carnicer\u00eda, charcuter\u00eda, pasteler\u00eda, panader\u00eda, etc\u00e9tera. Siempre desde\u00a0el enfoque tecnol\u00f3gico que ha caracterizado a Real Refrigeraci\u00f3n desde sus inicios. \u00bfC\u00d3MO LO HACEMOS? En Real Refrigeraci\u00f3n llevamos m\u00e1s de 20 a\u00f1os haciendo\u00a0vitrinas frigor\u00edficas a medida\u00a0de calidad. Todos nuestros clientes est\u00e1n satisfechos de nuestro esfuerzo y trabajo.\u00a0Remodelamos todas nuestras vitrinas de pasteler\u00eda, carnicer\u00eda, quesos, etc, desde un enfoque m\u00e1s tecnol\u00f3gico. Nuestras vitrinas refrigeradas est\u00e1n dise\u00f1adas y fabricadas artesanalmente a medida del cliente. Dise\u00f1amos, fabricamos y montamos vitrinas, sea para carnicer\u00eda, charcuter\u00eda, pasteler\u00eda, panader\u00eda, encurtidos, helader\u00eda, etc\u00e9tera. Siempre desde\u00a0el enfoque tecnol\u00f3gico que ha caracterizado a Real Refrigeraci\u00f3n desde sus inicios. Nuestras\u00a0 vitrinas expositoras refrigeradas son una herramienta esencial para cualquier negocio que busque mantener sus productos frescos y atractivos para los clientes. Estas vitrinas est\u00e1n dise\u00f1adas espec\u00edficamente para exhibir alimentos y bebidas refrigerados\" \/>\n<meta property=\"og:url\" content=\"https:\/\/realrefrigeracion.com\/en\/vitrinas-expositoras\/\" \/>\n<meta property=\"og:site_name\" content=\"Real Refrigeraci\u00f3n \u2013 Fabricante de hosteler\u00eda\" \/>\n<meta property=\"article:modified_time\" content=\"2023-05-17T12:15:42+00:00\" \/>\n<meta property=\"og:image\" content=\"https:\/\/realrefrigeracion.com\/wp-content\/uploads\/2023\/04\/vitrinas-thumb.jpg\" \/>\n<meta name=\"twitter:card\" content=\"summary_large_image\" \/>\n<meta name=\"twitter:label1\" content=\"Estimated reading time\" \/>\n\t<meta name=\"twitter:data1\" content=\"2 minutes\" \/>\n<script type=\"application\/ld+json\" class=\"yoast-schema-graph\">{\"@context\":\"https:\\\/\\\/schema.org\",\"@graph\":[{\"@type\":\"WebPage\",\"@id\":\"https:\\\/\\\/realrefrigeracion.com\\\/vitrinas-expositoras\\\/\",\"url\":\"https:\\\/\\\/realrefrigeracion.com\\\/vitrinas-expositoras\\\/\",\"name\":\"VITRINAS EXPOSITORAS - Real Refrigeraci\u00f3n \u2013 Fabricante de hosteler\u00eda\",\"isPartOf\":{\"@id\":\"https:\\\/\\\/realrefrigeracion.com\\\/#website\"},\"primaryImageOfPage\":{\"@id\":\"https:\\\/\\\/realrefrigeracion.com\\\/vitrinas-expositoras\\\/#primaryimage\"},\"image\":{\"@id\":\"https:\\\/\\\/realrefrigeracion.com\\\/vitrinas-expositoras\\\/#primaryimage\"},\"thumbnailUrl\":\"https:\\\/\\\/realrefrigeracion.com\\\/wp-content\\\/uploads\\\/2023\\\/04\\\/vitrinas-thumb.jpg\",\"datePublished\":\"2016-01-20T08:59:43+00:00\",\"dateModified\":\"2023-05-17T12:15:42+00:00\",\"breadcrumb\":{\"@id\":\"https:\\\/\\\/realrefrigeracion.com\\\/vitrinas-expositoras\\\/#breadcrumb\"},\"inLanguage\":\"en-GB\",\"potentialAction\":[{\"@type\":\"ReadAction\",\"target\":[\"https:\\\/\\\/realrefrigeracion.com\\\/vitrinas-expositoras\\\/\"]}]},{\"@type\":\"ImageObject\",\"inLanguage\":\"en-GB\",\"@id\":\"https:\\\/\\\/realrefrigeracion.com\\\/vitrinas-expositoras\\\/#primaryimage\",\"url\":\"https:\\\/\\\/realrefrigeracion.com\\\/wp-content\\\/uploads\\\/2023\\\/04\\\/vitrinas-thumb.jpg\",\"contentUrl\":\"https:\\\/\\\/realrefrigeracion.com\\\/wp-content\\\/uploads\\\/2023\\\/04\\\/vitrinas-thumb.jpg\"},{\"@type\":\"BreadcrumbList\",\"@id\":\"https:\\\/\\\/realrefrigeracion.com\\\/vitrinas-expositoras\\\/#breadcrumb\",\"itemListElement\":[{\"@type\":\"ListItem\",\"position\":1,\"name\":\"Portada\",\"item\":\"https:\\\/\\\/realrefrigeracion.com\\\/\"},{\"@type\":\"ListItem\",\"position\":2,\"name\":\"VITRINAS EXPOSITORAS\"}]},{\"@type\":\"WebSite\",\"@id\":\"https:\\\/\\\/realrefrigeracion.com\\\/#website\",\"url\":\"https:\\\/\\\/realrefrigeracion.com\\\/\",\"name\":\"Real Refrigeraci\u00f3n \u2013 Fabricante de hosteler\u00eda\",\"description\":\"\",\"publisher\":{\"@id\":\"https:\\\/\\\/realrefrigeracion.com\\\/#organization\"},\"potentialAction\":[{\"@type\":\"SearchAction\",\"target\":{\"@type\":\"EntryPoint\",\"urlTemplate\":\"https:\\\/\\\/realrefrigeracion.com\\\/?s={search_term_string}\"},\"query-input\":{\"@type\":\"PropertyValueSpecification\",\"valueRequired\":true,\"valueName\":\"search_term_string\"}}],\"inLanguage\":\"en-GB\"},{\"@type\":\"Organization\",\"@id\":\"https:\\\/\\\/realrefrigeracion.com\\\/#organization\",\"name\":\"Real Refrigeraci\u00f3n \u2013 Fabricante de hosteler\u00eda\",\"url\":\"https:\\\/\\\/realrefrigeracion.com\\\/\",\"logo\":{\"@type\":\"ImageObject\",\"inLanguage\":\"en-GB\",\"@id\":\"https:\\\/\\\/realrefrigeracion.com\\\/#\\\/schema\\\/logo\\\/image\\\/\",\"url\":\"https:\\\/\\\/realrefrigeracion.com\\\/wp-content\\\/uploads\\\/2021\\\/02\\\/logo-neve.svg\",\"contentUrl\":\"https:\\\/\\\/realrefrigeracion.com\\\/wp-content\\\/uploads\\\/2021\\\/02\\\/logo-neve.svg\",\"caption\":\"Real Refrigeraci\u00f3n \u2013 Fabricante de hosteler\u00eda\"},\"image\":{\"@id\":\"https:\\\/\\\/realrefrigeracion.com\\\/#\\\/schema\\\/logo\\\/image\\\/\"}}]}<\/script>\n<!-- \/ Yoast SEO plugin. -->","yoast_head_json":{"title":"VITRINAS EXPOSITORAS - Real Refrigeraci\u00f3n \u2013 Fabricante de hosteler\u00eda","robots":{"index":"index","follow":"follow","max-snippet":"max-snippet:-1","max-image-preview":"max-image-preview:large","max-video-preview":"max-video-preview:-1"},"canonical":"https:\/\/realrefrigeracion.com\/en\/vitrinas-expositoras\/","og_locale":"en_GB","og_type":"article","og_title":"VITRINAS EXPOSITORAS - Real Refrigeraci\u00f3n \u2013 Fabricante de hosteler\u00eda","og_description":"\u00bfQU\u00c9 NECESITAMOS? Informaci\u00f3n del Comercio Para as\u00ed saber que tipo de materiales y vitrina es la m\u00e1s \u00f3ptima para el tipo de producto con el que se comercializa. Medidas Necesitaremos tomar las medidas y ver la ubicaci\u00f3n exacta para que luego una vez terminada todo encaje a la perfecci\u00f3n. Dise\u00f1o en 3D Realizaremos un Dise\u00f1o en 3D de como se quedar\u00eda la vitrina ya terminada y montada en su local para que usted nos de el visto bueno. Montaje Nos desplazamos a cualquier lugar de Espa\u00f1a para as\u00ed montar nosotros mismos la vitrina y cerciorarnos de que todo tiene los est\u00e1ndares de calidad que Real Refrigeraci\u00f3n garantiza. FABRICACI\u00d3N Nuestras vitrinas refrigeradas est\u00e1n dise\u00f1adas y fabricadas artesanalmente a medida del cliente. Dise\u00f1amos, fabricamos y montamos vitrinas, sea para carnicer\u00eda, charcuter\u00eda, pasteler\u00eda, panader\u00eda, etc\u00e9tera. Siempre desde\u00a0el enfoque tecnol\u00f3gico que ha caracterizado a Real Refrigeraci\u00f3n desde sus inicios. \u00bfC\u00d3MO LO HACEMOS? En Real Refrigeraci\u00f3n llevamos m\u00e1s de 20 a\u00f1os haciendo\u00a0vitrinas frigor\u00edficas a medida\u00a0de calidad. Todos nuestros clientes est\u00e1n satisfechos de nuestro esfuerzo y trabajo.\u00a0Remodelamos todas nuestras vitrinas de pasteler\u00eda, carnicer\u00eda, quesos, etc, desde un enfoque m\u00e1s tecnol\u00f3gico. Nuestras vitrinas refrigeradas est\u00e1n dise\u00f1adas y fabricadas artesanalmente a medida del cliente. Dise\u00f1amos, fabricamos y montamos vitrinas, sea para carnicer\u00eda, charcuter\u00eda, pasteler\u00eda, panader\u00eda, encurtidos, helader\u00eda, etc\u00e9tera. Siempre desde\u00a0el enfoque tecnol\u00f3gico que ha caracterizado a Real Refrigeraci\u00f3n desde sus inicios. Nuestras\u00a0 vitrinas expositoras refrigeradas son una herramienta esencial para cualquier negocio que busque mantener sus productos frescos y atractivos para los clientes. Estas vitrinas est\u00e1n dise\u00f1adas espec\u00edficamente para exhibir alimentos y bebidas refrigerados","og_url":"https:\/\/realrefrigeracion.com\/en\/vitrinas-expositoras\/","og_site_name":"Real Refrigeraci\u00f3n \u2013 Fabricante de hosteler\u00eda","article_modified_time":"2023-05-17T12:15:42+00:00","og_image":[{"url":"https:\/\/realrefrigeracion.com\/wp-content\/uploads\/2023\/04\/vitrinas-thumb.jpg","type":"","width":"","height":""}],"twitter_card":"summary_large_image","twitter_misc":{"Estimated reading time":"2 minutes"},"schema":{"@context":"https:\/\/schema.org","@graph":[{"@type":"WebPage","@id":"https:\/\/realrefrigeracion.com\/vitrinas-expositoras\/","url":"https:\/\/realrefrigeracion.com\/vitrinas-expositoras\/","name":"VITRINAS EXPOSITORAS - Real Refrigeraci\u00f3n \u2013 Fabricante de hosteler\u00eda","isPartOf":{"@id":"https:\/\/realrefrigeracion.com\/#website"},"primaryImageOfPage":{"@id":"https:\/\/realrefrigeracion.com\/vitrinas-expositoras\/#primaryimage"},"image":{"@id":"https:\/\/realrefrigeracion.com\/vitrinas-expositoras\/#primaryimage"},"thumbnailUrl":"https:\/\/realrefrigeracion.com\/wp-content\/uploads\/2023\/04\/vitrinas-thumb.jpg","datePublished":"2016-01-20T08:59:43+00:00","dateModified":"2023-05-17T12:15:42+00:00","breadcrumb":{"@id":"https:\/\/realrefrigeracion.com\/vitrinas-expositoras\/#breadcrumb"},"inLanguage":"en-GB","potentialAction":[{"@type":"ReadAction","target":["https:\/\/realrefrigeracion.com\/vitrinas-expositoras\/"]}]},{"@type":"ImageObject","inLanguage":"en-GB","@id":"https:\/\/realrefrigeracion.com\/vitrinas-expositoras\/#primaryimage","url":"https:\/\/realrefrigeracion.com\/wp-content\/uploads\/2023\/04\/vitrinas-thumb.jpg","contentUrl":"https:\/\/realrefrigeracion.com\/wp-content\/uploads\/2023\/04\/vitrinas-thumb.jpg"},{"@type":"BreadcrumbList","@id":"https:\/\/realrefrigeracion.com\/vitrinas-expositoras\/#breadcrumb","itemListElement":[{"@type":"ListItem","position":1,"name":"Portada","item":"https:\/\/realrefrigeracion.com\/"},{"@type":"ListItem","position":2,"name":"VITRINAS EXPOSITORAS"}]},{"@type":"WebSite","@id":"https:\/\/realrefrigeracion.com\/#website","url":"https:\/\/realrefrigeracion.com\/","name":"Real Refrigeraci\u00f3n \u2013 Fabricante de hosteler\u00eda","description":"","publisher":{"@id":"https:\/\/realrefrigeracion.com\/#organization"},"potentialAction":[{"@type":"SearchAction","target":{"@type":"EntryPoint","urlTemplate":"https:\/\/realrefrigeracion.com\/?s={search_term_string}"},"query-input":{"@type":"PropertyValueSpecification","valueRequired":true,"valueName":"search_term_string"}}],"inLanguage":"en-GB"},{"@type":"Organization","@id":"https:\/\/realrefrigeracion.com\/#organization","name":"Real Refrigeraci\u00f3n \u2013 Fabricante de hosteler\u00eda","url":"https:\/\/realrefrigeracion.com\/","logo":{"@type":"ImageObject","inLanguage":"en-GB","@id":"https:\/\/realrefrigeracion.com\/#\/schema\/logo\/image\/","url":"https:\/\/realrefrigeracion.com\/wp-content\/uploads\/2021\/02\/logo-neve.svg","contentUrl":"https:\/\/realrefrigeracion.com\/wp-content\/uploads\/2021\/02\/logo-neve.svg","caption":"Real Refrigeraci\u00f3n \u2013 Fabricante de hosteler\u00eda"},"image":{"@id":"https:\/\/realrefrigeracion.com\/#\/schema\/logo\/image\/"}}]}},"_links":{"self":[{"href":"https:\/\/realrefrigeracion.com\/en\/wp-json\/wp\/v2\/pages\/1508","targetHints":{"allow":["GET"]}}],"collection":[{"href":"https:\/\/realrefrigeracion.com\/en\/wp-json\/wp\/v2\/pages"}],"about":[{"href":"https:\/\/realrefrigeracion.com\/en\/wp-json\/wp\/v2\/types\/page"}],"author":[{"embeddable":true,"href":"https:\/\/realrefrigeracion.com\/en\/wp-json\/wp\/v2\/users\/1"}],"replies":[{"embeddable":true,"href":"https:\/\/realrefrigeracion.com\/en\/wp-json\/wp\/v2\/comments?post=1508"}],"version-history":[{"count":12,"href":"https:\/\/realrefrigeracion.com\/en\/wp-json\/wp\/v2\/pages\/1508\/revisions"}],"predecessor-version":[{"id":4017,"href":"https:\/\/realrefrigeracion.com\/en\/wp-json\/wp\/v2\/pages\/1508\/revisions\/4017"}],"wp:attachment":[{"href":"https:\/\/realrefrigeracion.com\/en\/wp-json\/wp\/v2\/media?parent=1508"}],"curies":[{"name":"wp","href":"https:\/\/api.w.org\/{rel}","templated":true}]}}